{"id":25259,"date":"2026-03-16T18:33:14","date_gmt":"2026-03-16T22:33:14","guid":{"rendered":"https:\/\/2026.arsacs.com\/?page_id=25259"},"modified":"2026-09-01T14:13:23","modified_gmt":"2026-09-01T18:13:23","slug":"home-2026","status":"publish","type":"page","link":"https:\/\/arsacs.com\/fr\/","title":{"rendered":"Home &#8211; 2026"},"content":{"rendered":"<div class=\"et_pb_section_0 et_pb_section et_section_regular et_flex_section\">\n<div class=\"et_pb_row_0 et_pb_row et_flex_row\">\n<div class=\"et_pb_column_0 et_pb_column et_flex_column et_pb_css_mix_blend_mode_passthrough et_flex_column_18_24 et_flex_column_18_24_tablet et_flex_column_24_24_phone\">\n<div class=\"et_pb_text_0 et_pb_text et_pb_bg_layout_light et_pb_module et_flex_module\"><div class=\"et_pb_text_inner\"><h1>8e Symposium international sur l'ARSACS<\/h1>\n<\/div><\/div>\n\n<div class=\"et_pb_text_1 et_pb_text et_pb_bg_layout_light et_pb_module et_flex_module\"><div class=\"et_pb_text_inner\"><p>Pr\u00e9sent\u00e9 par la Fondation de l\u2019Ataxie Charlevoix- Saguenay<\/p>\n<p>&nbsp;<\/p>\n<\/div><\/div>\n<\/div>\n\n<div class=\"et_pb_column_1 et_pb_column et-last-child et_flex_column et_pb_css_mix_blend_mode_passthrough et_flex_column_6_24 et_flex_column_6_24_tablet et_flex_column_24_24_phone\">\n<div class=\"et_pb_text_2 et_pb_text et_pb_bg_layout_light et_pb_module et_flex_module\"><div class=\"et_pb_text_inner\"><p>R\u00e9union satellite de l'ICAR<\/p>\n<\/div><\/div>\n<\/div>\n<\/div>\n\n<div class=\"et_pb_row_1 et_pb_row et_flex_row\">\n<div class=\"et_pb_column_2 et_pb_column et_flex_column et_pb_css_mix_blend_mode_passthrough et_flex_column_8_24 et_flex_column_8_24_tablet et_flex_column_24_24_phone\">\n<div class=\"et_pb_blurb_0 et_pb_blurb et_pb_bg_layout_dark et_pb_blurb_position_left et_clickable et_pb_module et_flex_module\"><div class=\"et_pb_blurb_content et_flex_module\"><div class=\"et_pb_main_blurb_image et_animated\"><span class=\"et_pb_image_wrap\"><span class=\"et-pb-icon\">\ue081<\/span><\/span><\/div><div class=\"et_pb_blurb_container\"><h4 class=\"et_pb_module_header\">Renaissance Atlanta Waverly Hotel &amp; Convention Center 2450 Galleria Parkway SE, Atlanta GA 30339<\/h4><\/div><\/div><\/div>\n<\/div>\n\n<div class=\"et_pb_column_3 et_pb_column et_flex_column et_pb_css_mix_blend_mode_passthrough et_flex_column_8_24 et_flex_column_8_24_tablet et_flex_column_24_24_phone\">\n<div class=\"et_pb_blurb_1 et_pb_blurb et_pb_bg_layout_dark et_pb_blurb_position_left et_clickable et_pb_module et_flex_module\"><div class=\"et_pb_blurb_content et_flex_module\"><div class=\"et_pb_main_blurb_image et_animated\"><span class=\"et_pb_image_wrap\"><span class=\"et-pb-icon\">\uf073<\/span><\/span><\/div><div class=\"et_pb_blurb_container\"><h4 class=\"et_pb_module_header\">Lundi 9 novembre 2026<\/h4><\/div><\/div><\/div>\n<\/div>\n\n<div class=\"et_pb_column_4 et_pb_column et-last-child et_flex_column et_pb_css_mix_blend_mode_passthrough et_flex_column_8_24 et_flex_column_8_24_tablet et_flex_column_24_24_phone\">\n<div class=\"et_pb_module et_pb_button_module_wrapper et_pb_button_0_wrapper preset--module--divi-button--default_wrapper\"><a class=\"et_pb_button_0 et_pb_button et_pb_bg_layout_dark et_pb_module et_flex_module preset--module--divi-button--default\" href=\"https:\/\/arsacs.com\/fr\/2026-international-arsacs-symposium\/\">En savoir plus<\/a><\/div>\n<\/div>\n<\/div>\n<\/div>\n\n<div class=\"et_pb_section_1 et_pb_section et_section_regular et_block_section section_has_divider et_pb_bottom_divider\">\n<div class=\"et_pb_row_2 et_pb_row et_flex_row\">\n<div class=\"et_pb_column_5 et_pb_column et_flex_column et_pb_css_mix_blend_mode_passthrough et_flex_column_12_24 et_flex_column_12_24_tablet et_flex_column_24_24_phone\">\n<div class=\"et_pb_text_3 et_pb_text et_pb_bg_layout_dark et_pb_module et_block_module\"><div class=\"et_pb_text_inner\"><h1 style=\"text-align: left;\"><span style=\"color: #ffffff;\">Registre international des patients atteints d'ARSACS<\/span><\/h1>\n<p><span style=\"font-size: medium; color: #ffffff;\">Avez-vous, ou l'un de vos proches, re\u00e7u un diagnostic d'ARSACS ? Rejoignez le Registre international des patients atteints d'ARSACS et contribuez \u00e0 faire avancer la recherche. Nous vous encourageons \u00e0 vous inscrire m\u00eame si vous figurez d\u00e9j\u00e0 dans un autre registre.<\/span><\/p>\n<\/div><\/div>\n\n<div class=\"et_pb_module et_pb_button_module_wrapper et_pb_button_1_wrapper preset--module--divi-button--default_wrapper\"><a class=\"et_pb_button_1 et_pb_button et_pb_bg_layout_dark et_pb_module et_flex_module preset--module--divi-button--default\" href=\"https:\/\/arsacs.com\/fr\/persons-with-arsacs\/\">Inscrivez-vous d\u00e8s maintenant<\/a><\/div>\n\n<div class=\"et_pb_module et_pb_button_module_wrapper et_pb_button_2_wrapper preset--module--divi-button--default_wrapper\"><a class=\"et_pb_button_2 et_pb_button et_pb_bg_layout_dark et_pb_module et_flex_module preset--module--divi-button--default\" href=\"https:\/\/arsacs.com\/fr\/donate\/\">Faire un don<\/a><\/div>\n<\/div>\n\n<div class=\"et_pb_column_6 et_pb_column et-last-child et_block_column et_pb_column_empty et_pb_css_mix_blend_mode_passthrough et_flex_column_12_24 et_flex_column_12_24_tablet et_flex_column_24_24_phone\"><\/div>\n<\/div>\n<div class=\"et_pb_bottom_inside_divider et-no-transition\"><\/div><\/div>\n\n<div class=\"et_pb_section_2 et_pb_section et_section_regular et_flex_section\">\n<div class=\"et_pb_row_3 et_pb_row et_flex_row\">\n<div class=\"et_pb_column_7 et_pb_column et-last-child et_flex_column et_pb_css_mix_blend_mode_passthrough et_flex_column_24_24 et_flex_column_24_24_tablet et_flex_column_24_24_phone\">\n<div class=\"et_pb_cta_0 et_pb_promo et_pb_bg_layout_light et_pb_module et_flex_module\"><div class=\"et_pb_promo_description\"><h2 class=\"et_pb_module_header\">Subventions de recherche \u2013 Appel d'offres 2026<\/h2><div class=\"et_pb_promo_content\"><p>La Fondation Ataxie Charlevoix-Saguenay a re\u00e7u <strong>18 candidatures<\/strong>, toutes d'un tr\u00e8s grand int\u00e9r\u00eat. Ces propositions sont actuellement examin\u00e9es par le <strong>Comit\u00e9 scientifique<\/strong>, et les projets retenus pour b\u00e9n\u00e9ficier d'un financement seront <strong>annonc\u00e9s au cours du mois d\u2019ao\u00fbt<\/strong>. Nous tenons \u00e0 remercier sinc\u00e8rement tous les chercheurs et chercheuses pour leur int\u00e9r\u00eat ainsi que pour la qualit\u00e9 de leurs propositions.<\/p>\n<\/div><\/div><\/div>\n<\/div>\n<\/div>\n\n<div class=\"et_pb_row_4 et_pb_row et_flex_row gq_r_fixed_buttons\">\n<div class=\"et_pb_column_8 et_pb_column et_flex_column et_pb_css_mix_blend_mode_passthrough et_clickable et_flex_column_8_24 et_flex_column_8_24_tablet et_flex_column_24_24_phone\">\n<div class=\"et_pb_image_0 et_pb_image et_pb_module et_flex_module\"><span class=\"et_pb_image_wrap\"><img loading=\"lazy\" decoding=\"async\" src=\"https:\/\/arsacs.com\/wp-content\/uploads\/2026\/08\/persons-with-ARSACS-1.jpg\" title=\"personnes atteintes du syndrome d&#039;Arsacs (1)\" width=\"600\" height=\"400\" srcset=\"https:\/\/arsacs.com\/wp-content\/uploads\/2026\/08\/persons-with-ARSACS-1.jpg 600w, https:\/\/arsacs.com\/wp-content\/uploads\/2026\/08\/persons-with-ARSACS-1-480x320.jpg 480w\" sizes=\"(min-width: 0px) and (max-width: 480px) 480px, (min-width: 481px) 600px, 100vw\" class=\"wp-image-26763\" \/><\/span><\/div>\n\n<div class=\"et_pb_icon_0 et_pb_icon et_pb_module et_flex_module\"><span class=\"et_pb_icon_wrap\"><span class=\"et-pb-icon\">\ue08a<\/span><\/span><\/div>\n\n<div class=\"et_pb_text_4 et_pb_text et_pb_bg_layout_light et_pb_module et_flex_module\"><div class=\"et_pb_text_inner\"><h3>Personnes atteintes de l\u2019ARSACS<\/h3>\n<p>Vous avez re\u00e7u un diagnostic d\u2019ARSACS, vous n\u2019\u00eates pas seul. Des personnes atteintes de l\u2019ARSACS se retrouvent partout dans le monde.  Il y a de l\u2019espoir, car la recherche gu\u00e9rit.<\/p>\n<\/div><\/div>\n\n<div class=\"et_pb_module et_pb_button_module_wrapper et_pb_button_3_wrapper preset--module--divi-button--default_wrapper\"><a class=\"et_pb_button_3 et_pb_button et_pb_bg_layout_dark et_pb_module et_flex_module preset--module--divi-button--default\" href=\"https:\/\/arsacs.com\/fr\/persons-with-arsacs\/\">Pour en savoir plus<\/a><\/div>\n<\/div>\n\n<div class=\"et_pb_column_9 et_pb_column et_flex_column et_pb_css_mix_blend_mode_passthrough et_clickable et_flex_column_8_24 et_flex_column_8_24_tablet et_flex_column_24_24_phone\">\n<div class=\"et_pb_image_1 et_pb_image et_pb_module et_flex_module\"><span class=\"et_pb_image_wrap\"><img loading=\"lazy\" decoding=\"async\" src=\"https:\/\/arsacs.com\/wp-content\/uploads\/2026\/08\/Research-blurb-1.jpg\" title=\"R\u00e9sum\u00e9 de recherche (1)\" width=\"600\" height=\"400\" srcset=\"https:\/\/arsacs.com\/wp-content\/uploads\/2026\/08\/Research-blurb-1.jpg 600w, https:\/\/arsacs.com\/wp-content\/uploads\/2026\/08\/Research-blurb-1-480x320.jpg 480w\" sizes=\"(min-width: 0px) and (max-width: 480px) 480px, (min-width: 481px) 600px, 100vw\" class=\"wp-image-26767\" \/><\/span><\/div>\n\n<div class=\"et_pb_icon_1 et_pb_icon et_pb_module et_flex_module\"><span class=\"et_pb_icon_wrap\"><span class=\"et-pb-icon\">\uf492<\/span><\/span><\/div>\n\n<div class=\"et_pb_text_5 et_pb_text et_pb_bg_layout_light et_pb_module et_flex_module\"><div class=\"et_pb_text_inner\"><h3>Chercheurs<\/h3>\n<p>La Fondation soutient les chercheurs de l\u2019ARSACS en finan\u00e7ant les projets, fournissant des outils de recherche et en participant\/organisant des conf\u00e9rences. De plus, la Fondation  est \u00e0 la recherche de partenaires pour la r\u00e9alisation d\u2019essais pr\u00e9cliniques et cliniques.<\/p>\n<\/div><\/div>\n\n<div class=\"et_pb_module et_pb_button_module_wrapper et_pb_button_4_wrapper preset--module--divi-button--default_wrapper\"><a class=\"et_pb_button_4 et_pb_button et_pb_bg_layout_dark et_pb_module et_flex_module preset--module--divi-button--default\" href=\"https:\/\/arsacs.com\/fr\/research\/\">Pour en savoir plus<\/a><\/div>\n<\/div>\n\n<div class=\"et_pb_column_10 et_pb_column et-last-child et_flex_column et_pb_css_mix_blend_mode_passthrough et_clickable et_flex_column_8_24 et_flex_column_8_24_tablet et_flex_column_24_24_phone\">\n<div class=\"et_pb_image_2 et_pb_image et_pb_module et_flex_module\"><span class=\"et_pb_image_wrap\"><img loading=\"lazy\" decoding=\"async\" src=\"https:\/\/arsacs.com\/wp-content\/uploads\/2026\/03\/arsacs-community.jpg\" title=\"communaut\u00e9 arsacs\" width=\"800\" height=\"533\" srcset=\"https:\/\/arsacs.com\/wp-content\/uploads\/2026\/03\/arsacs-community.jpg 800w, https:\/\/arsacs.com\/wp-content\/uploads\/2026\/03\/arsacs-community-480x320.jpg 480w\" sizes=\"(min-width: 0px) and (max-width: 480px) 480px, (min-width: 481px) 800px, 100vw\" class=\"wp-image-25356\" \/><\/span><\/div>\n\n<div class=\"et_pb_icon_2 et_pb_icon et_pb_module et_flex_module\"><span class=\"et_pb_icon_wrap\"><span class=\"et-pb-icon\">\uf57d<\/span><\/span><\/div>\n\n<div class=\"et_pb_text_6 et_pb_text et_pb_bg_layout_light et_pb_module et_flex_module\"><div class=\"et_pb_text_inner\"><h3>Communaut\u00e9<\/h3>\n<p>La Fondation repose uniquement sur la g\u00e9n\u00e9rosit\u00e9 de donateurs priv\u00e9s et l\u2019aide de b\u00e9n\u00e9voles. Nous avons besoin de votre soutien pour poursuivre la mission.\n D\u00e9couvrez comment vous pouvez faire une diff\u00e9rence !<\/p>\n<\/div><\/div>\n\n<div class=\"et_pb_module et_pb_button_module_wrapper et_pb_button_5_wrapper preset--module--divi-button--default_wrapper\"><a class=\"et_pb_button_5 et_pb_button et_pb_bg_layout_dark et_pb_module et_flex_module preset--module--divi-button--default\" href=\"https:\/\/arsacs.com\/fr\/fundraising\/\">Pour en savoir plus<\/a><\/div>\n<\/div>\n<\/div>\n<\/div>\n\n<div class=\"et_pb_section_3 et_pb_section et_section_regular et_block_section\" id=\"latest-news\">\n<div class=\"et_pb_row_5 et_pb_row et_block_row\">\n<div class=\"et_pb_column_11 et_pb_column et_pb_column_4_4 et-last-child et_block_column et_pb_css_mix_blend_mode_passthrough\">\n<div class=\"et_pb_text_7 et_pb_text et_pb_bg_layout_light et_pb_module et_block_module\"><div class=\"et_pb_text_inner\"><h6 style=\"text-align: center;\"><\/h6>\n<h2 style=\"text-align: center;\">Derni\u00e8res nouvelles<\/h2>\n<p><span><\/span><\/p>\n<\/div><\/div>\n<\/div>\n<\/div>\n\n<div class=\"et_pb_row_6 et_pb_row et_block_row\">\n<div class=\"et_pb_column_12 et_pb_column et_pb_column_4_4 et-last-child et_block_column et_pb_css_mix_blend_mode_passthrough\">\n<div class=\"et_pb_blog_0 et_pb_blog et_pb_bg_layout_light et_pb_posts et_pb_module dd-blog-1-1\"><div class=\"et_pb_ajax_pagination_container\"><div class=\"et_pb_blog_posts et_grid_module\"><article class=\"et_pb_post et_pb_post_id_26551 clearfix et_pb_blog_item_0_0 post-26551 post type-post status-publish format-standard has-post-thumbnail hentry category-news\"><div class=\"et_pb_image_container\"><a href=\"https:\/\/arsacs.com\/fr\/a-united-kingdom-community-comes-together-for-arsacs\/\" class=\"entry-featured-image-url\"><img loading=\"lazy\" decoding=\"async\" src=\"https:\/\/arsacs.com\/wp-content\/uploads\/2026\/07\/11892-e1784146184384.jpg\" width=\"400\" height=\"250\" alt=\"Une communaut\u00e9 britannique se mobilise pour l&#039;ARSACS\" class=\"\" srcset=\"https:\/\/arsacs.com\/wp-content\/uploads\/2026\/07\/11892-e1784146184384.jpg 479w, https:\/\/arsacs.com\/wp-content\/uploads\/2026\/07\/11892-e1784146184384-400x250.jpg 480w\" sizes=\"(max-width:479px) 479px, 100vw\" \/><span data-icon=\"\ue050\" class=\"et_overlay et_pb_inline_icon\"><\/span><\/a><\/div><h2 class=\"entry-title\"><a href=\"https:\/\/arsacs.com\/fr\/a-united-kingdom-community-comes-together-for-arsacs\/\">Une communaut\u00e9 britannique se mobilise pour l'ARSACS<\/a><\/h2><p class=\"post-meta\"><span class=\"published\">15 juillet 2026<\/span><\/p><div class=\"post-content\"><div class=\"post-content-inner\"><p>Nous tenons \u00e0 exprimer notre gratitude envers une famille extraordinaire du Royaume-Uni et sa communaut\u00e9 pour avoir organis\u00e9 une collecte de fonds originale en faveur de la recherche sur l'ARSACS. Inspir\u00e9s par le diagnostic d'ARSACS pos\u00e9 \u00e0 leur fils au d\u00e9but de l'ann\u00e9e, ils ont r\u00e9uni leur famille, leurs amis et un...<\/p>\n<\/div><a href=\"https:\/\/arsacs.com\/fr\/a-united-kingdom-community-comes-together-for-arsacs\/\" class=\"more-link\">read more...<\/a><\/div><\/article><article class=\"et_pb_post et_pb_post_id_26532 clearfix et_pb_blog_item_0_1 post-26532 post type-post status-publish format-standard has-post-thumbnail hentry category-news\"><div class=\"et_pb_image_container\"><a href=\"https:\/\/arsacs.com\/fr\/newsletter-7-summer-2026-edition\/\" class=\"entry-featured-image-url\"><img loading=\"lazy\" decoding=\"async\" src=\"https:\/\/arsacs.com\/wp-content\/uploads\/2025\/09\/image.jpg\" width=\"394\" height=\"250\" alt=\"Infolettre #7 \u2013 \u00c9dition \u00e9t\u00e9 2026\" class=\"\" srcset=\"https:\/\/arsacs.com\/wp-content\/uploads\/2025\/09\/image.jpg 479w, https:\/\/arsacs.com\/wp-content\/uploads\/2025\/09\/image-394x250.jpg 480w\" sizes=\"(max-width:479px) 479px, 100vw\" \/><span data-icon=\"\ue050\" class=\"et_overlay et_pb_inline_icon\"><\/span><\/a><\/div><h2 class=\"entry-title\"><a href=\"https:\/\/arsacs.com\/fr\/newsletter-7-summer-2026-edition\/\">Infolettre #7 \u2013 \u00c9dition \u00e9t\u00e9 2026<\/a><\/h2><p class=\"post-meta\"><span class=\"published\">6 juillet 2026<\/span><\/p><div class=\"post-content\"><div class=\"post-content-inner\"><p>Dans ce num\u00e9ro, nous mettons en avant une \u00e9tude qui identifie les caract\u00e9ristiques cliniques, radiologiques et g\u00e9n\u00e9tiques de patients japonais atteints du syndrome d'ARSACS, ainsi que le dernier rapport de recherche du Dr Maltecca, qui s'est concentr\u00e9 sur l'identification de compos\u00e9s th\u00e9rapeutiques potentiels pour traiter...<\/p>\n<\/div><a href=\"https:\/\/arsacs.com\/fr\/newsletter-7-summer-2026-edition\/\" class=\"more-link\">read more...<\/a><\/div><\/article><article class=\"et_pb_post et_pb_post_id_26509 clearfix et_pb_blog_item_0_2 post-26509 post type-post status-publish format-standard has-post-thumbnail hentry category-news\"><div class=\"et_pb_image_container\"><a href=\"https:\/\/arsacs.com\/fr\/defi-charlevoix-saguenay-250km-bicycle-challenge\/\" class=\"entry-featured-image-url\"><img loading=\"lazy\" decoding=\"async\" src=\"https:\/\/arsacs.com\/wp-content\/uploads\/2026\/06\/Gabriel-Paquet-Desbiens-e1782747225430.jpg\" width=\"205\" height=\"139\" alt=\"D\u00e9fi Charlevoix-Saguenay : d\u00e9fi cycliste de 250 km\" class=\"\" srcset=\"https:\/\/arsacs.com\/wp-content\/uploads\/2026\/06\/Gabriel-Paquet-Desbiens-e1782747225430.jpg 479w, https:\/\/arsacs.com\/wp-content\/uploads\/2026\/06\/Gabriel-Paquet-Desbiens-e1782747225430.jpg 480w\" sizes=\"(max-width:479px) 479px, 100vw\" \/><span data-icon=\"\ue050\" class=\"et_overlay et_pb_inline_icon\"><\/span><\/a><\/div><h2 class=\"entry-title\"><a href=\"https:\/\/arsacs.com\/fr\/defi-charlevoix-saguenay-250km-bicycle-challenge\/\">D\u00e9fi Charlevoix-Saguenay : d\u00e9fi cycliste de 250 km<\/a><\/h2><p class=\"post-meta\"><span class=\"published\">25 juin 2026<\/span><\/p><div class=\"post-content\"><div class=\"post-content-inner\"><p>En juillet, Gabriel Paquet-Desbiens rel\u00e8vera un nouveau d\u00e9fi dans le cadre du D\u00e9fi Charlevoix-Saguenay, qu\u2019il a fond\u00e9 en 2022. Son objectif est de faire le tour du lac Saint-Jean \u00e0 v\u00e9lo \u2014 soit une distance de 250 km \u2014 en trois jours maximum ! Gabriel esp\u00e8re r\u00e9colter $3 000 pour soutenir...<\/p>\n<\/div><a href=\"https:\/\/arsacs.com\/fr\/defi-charlevoix-saguenay-250km-bicycle-challenge\/\" class=\"more-link\">read more...<\/a><\/div><\/article><article class=\"et_pb_post et_pb_post_id_26490 clearfix et_pb_blog_item_0_3 post-26490 post type-post status-publish format-standard has-post-thumbnail hentry category-news\"><div class=\"et_pb_image_container\"><a href=\"https:\/\/arsacs.com\/fr\/19th-edition-diner-des-producteurs\/\" class=\"entry-featured-image-url\"><img loading=\"lazy\" decoding=\"async\" src=\"https:\/\/arsacs.com\/wp-content\/uploads\/2026\/06\/Kastallis.com-119.jpg\" width=\"400\" height=\"250\" alt=\"19e \u00e9dition \u2013 D\u00eener des producteurs\" class=\"\" srcset=\"https:\/\/arsacs.com\/wp-content\/uploads\/2026\/06\/Kastallis.com-119.jpg 479w, https:\/\/arsacs.com\/wp-content\/uploads\/2026\/06\/Kastallis.com-119-400x250.jpg 480w\" sizes=\"(max-width:479px) 479px, 100vw\" \/><span data-icon=\"\ue050\" class=\"et_overlay et_pb_inline_icon\"><\/span><\/a><\/div><h2 class=\"entry-title\"><a href=\"https:\/\/arsacs.com\/fr\/19th-edition-diner-des-producteurs\/\">19e \u00e9dition \u2013 D\u00eener des producteurs<\/a><\/h2><p class=\"post-meta\"><span class=\"published\">18 juin 2026<\/span><\/p><div class=\"post-content\"><div class=\"post-content-inner\"><p>Sous la pr\u00e9sidence d'honneur de M. Pierre Miron, vice-pr\u00e9sident ex\u00e9cutif d\u2019iA Groupe financier, la Fondation de l'Ataxie Charlevoix-Saguenay est fi\u00e8re d\u2019annoncer la 19e \u00e9dition du D\u00eener des Producteurs, qui se tiendra le jeudi 26 novembre 2026, \u00e0...<\/p>\n<\/div><a href=\"https:\/\/arsacs.com\/fr\/19th-edition-diner-des-producteurs\/\" class=\"more-link\">read more...<\/a><\/div><\/article><article class=\"et_pb_post et_pb_post_id_26412 clearfix et_pb_blog_item_0_4 post-26412 post type-post status-publish format-standard has-post-thumbnail hentry category-current category-news\"><div class=\"et_pb_image_container\"><a href=\"https:\/\/arsacs.com\/fr\/odv-arsacs-is-supporting-arsacs-research-across-italy\/\" class=\"entry-featured-image-url\"><img loading=\"lazy\" decoding=\"async\" src=\"https:\/\/arsacs.com\/wp-content\/uploads\/2026\/05\/OVD_Seed_grant.jpeg\" width=\"400\" height=\"250\" alt=\"L\u2019OdV ARSACS soutient la recherche sur l\u2019ARSACS en Italie\" class=\"\" srcset=\"https:\/\/arsacs.com\/wp-content\/uploads\/2026\/05\/OVD_Seed_grant.jpeg 479w, https:\/\/arsacs.com\/wp-content\/uploads\/2026\/05\/OVD_Seed_grant-400x250.jpeg 480w\" sizes=\"(max-width:479px) 479px, 100vw\" \/><span data-icon=\"\ue050\" class=\"et_overlay et_pb_inline_icon\"><\/span><\/a><\/div><h2 class=\"entry-title\"><a href=\"https:\/\/arsacs.com\/fr\/odv-arsacs-is-supporting-arsacs-research-across-italy\/\">L\u2019OdV ARSACS soutient la recherche sur l\u2019ARSACS en Italie<\/a><\/h2><p class=\"post-meta\"><span class=\"published\">31 mai 2026<\/span><\/p><div class=\"post-content\"><div class=\"post-content-inner\"><p>Une fois encore, l'OdV ARSACS \u2014 une association caritative fond\u00e9e en Italie par Susanna Deluca et le Dr Paolo Arrigoni \u2014, en collaboration avec la Fondazione Telethon pour le financement initial, soutient la recherche sur l'ARSACS dans toute l'Italie. Le Dre Francesca Maltecca (Vita-Salute San Raffaele...).<\/p>\n<\/div><a href=\"https:\/\/arsacs.com\/fr\/odv-arsacs-is-supporting-arsacs-research-across-italy\/\" class=\"more-link\">read more...<\/a><\/div><\/article><article class=\"et_pb_post et_pb_post_id_26383 clearfix et_pb_blog_item_0_5 post-26383 post type-post status-publish format-standard has-post-thumbnail hentry category-news\"><div class=\"et_pb_image_container\"><a href=\"https:\/\/arsacs.com\/fr\/targeting-cav2-1-to-recover-firing-defects-and-degeneration-of-purkinje-neurons-in-arsacs\/\" class=\"entry-featured-image-url\"><img loading=\"lazy\" decoding=\"async\" src=\"https:\/\/arsacs.com\/wp-content\/uploads\/2026\/04\/Dr.-Francesca-Maltecca.jpg\" width=\"400\" height=\"250\" alt=\"\u201cTargeting Cav2.1 to recover firing defects and degeneration of Purkinje neurons in ARSACS\u201d\" class=\"\" srcset=\"https:\/\/arsacs.com\/wp-content\/uploads\/2026\/04\/Dr.-Francesca-Maltecca.jpg 479w, https:\/\/arsacs.com\/wp-content\/uploads\/2026\/04\/Dr.-Francesca-Maltecca-400x250.jpg 480w\" sizes=\"(max-width:479px) 479px, 100vw\" \/><span data-icon=\"\ue050\" class=\"et_overlay et_pb_inline_icon\"><\/span><\/a><\/div><h2 class=\"entry-title\"><a href=\"https:\/\/arsacs.com\/fr\/targeting-cav2-1-to-recover-firing-defects-and-degeneration-of-purkinje-neurons-in-arsacs\/\">\u201cTargeting Cav2.1 to recover firing defects and degeneration of Purkinje neurons in ARSACS\u201d<\/a><\/h2><p class=\"post-meta\"><span class=\"published\">28 mai 2026<\/span><\/p><div class=\"post-content\"><div class=\"post-content-inner\"><p>Ce rapport, r\u00e9dig\u00e9 par Dre Francesca Maltecca, Ph. D., et Erica Spirito, chercheuse postdoctorale, pr\u00e9sente leurs travaux visant \u00e0 identifier des mol\u00e9cules th\u00e9rapeutiques potentielles pour corriger le d\u00e9r\u00e8glement du m\u00e9tabolisme du calcium associ\u00e9 \u00e0 l\u2019ARSACS. Leurs recherches s\u2019inscrivent dans le cadre d\u2019un projet de deux ans financ\u00e9 par la Fondation de l'Ataxie Charlevoix-Saguenay.<\/p>\n<\/div><a href=\"https:\/\/arsacs.com\/fr\/targeting-cav2-1-to-recover-firing-defects-and-degeneration-of-purkinje-neurons-in-arsacs\/\" class=\"more-link\">read more...<\/a><\/div><\/article><\/div><\/div><\/div>\n\n<div class=\"et_pb_module et_pb_button_module_wrapper et_pb_button_6_wrapper preset--module--divi-button--default_wrapper\"><a class=\"et_pb_button_6 et_pb_button et_pb_bg_layout_dark et_pb_module et_block_module preset--module--divi-button--default\" href=\"https:\/\/arsacs.com\/fr\/actualites\/#older-news\">Plus de nouvelles<\/a><\/div>\n<\/div>\n<\/div>\n<\/div>","protected":false},"excerpt":{"rendered":"<p>We are\u00a0 grateful to one amazing family from the United Kingdom and their community for organizing a creative fundraiser in support of ARSACS research. Inspired by their son&#8217;s ARSACS diagnosis earlier this year, they brought together family, friends, and a local football team for a fun-filled day of raft building and racing. They also held [&#8230;]<\/p>\n","protected":false},"author":6,"featured_media":26764,"parent":0,"menu_order":0,"comment_status":"closed","ping_status":"closed","template":"","meta":{"footnotes":""},"class_list":["post-25259","page","type-page","status-publish","has-post-thumbnail","hentry"],"_links":{"self":[{"href":"https:\/\/arsacs.com\/fr\/wp-json\/wp\/v2\/pages\/25259","targetHints":{"allow":["GET"]}}],"collection":[{"href":"https:\/\/arsacs.com\/fr\/wp-json\/wp\/v2\/pages"}],"about":[{"href":"https:\/\/arsacs.com\/fr\/wp-json\/wp\/v2\/types\/page"}],"author":[{"embeddable":true,"href":"https:\/\/arsacs.com\/fr\/wp-json\/wp\/v2\/users\/6"}],"replies":[{"embeddable":true,"href":"https:\/\/arsacs.com\/fr\/wp-json\/wp\/v2\/comments?post=25259"}],"version-history":[{"count":177,"href":"https:\/\/arsacs.com\/fr\/wp-json\/wp\/v2\/pages\/25259\/revisions"}],"predecessor-version":[{"id":26836,"href":"https:\/\/arsacs.com\/fr\/wp-json\/wp\/v2\/pages\/25259\/revisions\/26836"}],"wp:featuredmedia":[{"embeddable":true,"href":"https:\/\/arsacs.com\/fr\/wp-json\/wp\/v2\/media\/26764"}],"wp:attachment":[{"href":"https:\/\/arsacs.com\/fr\/wp-json\/wp\/v2\/media?parent=25259"}],"curies":[{"name":"wp","href":"https:\/\/api.w.org\/{rel}","templated":true}]}}